{"id":467,"date":"2016-06-26T17:45:28","date_gmt":"2016-06-26T15:45:28","guid":{"rendered":"http:\/\/www.residenciajoviar.com\/es\/valors-i-credits-afegits\/"},"modified":"2016-09-13T17:26:29","modified_gmt":"2016-09-13T15:26:29","slug":"valores-y-creditos-anadidos","status":"publish","type":"page","link":"https:\/\/www.residenciajoviar.com\/es\/centro-residencial\/valores-y-creditos-anadidos\/","title":{"rendered":"Valores y Cr\u00e9ditos A\u00f1adidos"},"content":{"rendered":"<p>[et_pb_section admin_label=\u00bbSecci\u00f3n\u00bb fullwidth=\u00bbon\u00bb specialty=\u00bboff\u00bb transparent_background=\u00bboff\u00bb background_color=\u00bbrgba(2,69,150,0.46)\u00bb allow_player_pause=\u00bboff\u00bb inner_shadow=\u00bboff\u00bb parallax=\u00bboff\u00bb parallax_method=\u00bboff\u00bb padding_mobile=\u00bboff\u00bb make_fullwidth=\u00bboff\u00bb use_custom_width=\u00bboff\u00bb width_unit=\u00bbon\u00bb make_equal=\u00bboff\u00bb use_custom_gutter=\u00bboff\u00bb custom_padding=\u00bb30px||30px|\u00bb background_image=\u00bbhttps:\/\/www.residenciajoviar.com\/wp-content\/uploads\/DJI_0059.jpg\u00bb][et_pb_fullwidth_post_title admin_label=\u00bbT\u00edtulo de publicaci\u00f3n de anchura completa\u00bb title=\u00bbon\u00bb meta=\u00bboff\u00bb author=\u00bbon\u00bb date=\u00bbon\u00bb categories=\u00bbon\u00bb comments=\u00bbon\u00bb featured_image=\u00bboff\u00bb featured_placement=\u00bbbelow\u00bb parallax_effect=\u00bbon\u00bb parallax_method=\u00bbon\u00bb text_orientation=\u00bbleft\u00bb text_color=\u00bblight\u00bb text_background=\u00bboff\u00bb text_bg_color=\u00bbrgba(255,255,255,0.9)\u00bb module_bg_color=\u00bbrgba(255,255,255,0)\u00bb title_all_caps=\u00bboff\u00bb use_border_color=\u00bboff\u00bb border_color=\u00bb#ffffff\u00bb border_style=\u00bbsolid\u00bb custom_margin=\u00bb0px||0px|\u00bb custom_padding=\u00bb20px||0px|\u00bb title_font=\u00bb|||on|\u00bb title_font_size=\u00bb30px\u00bb] [\/et_pb_fullwidth_post_title][\/et_pb_section][et_pb_section admin_label=\u00bbsection\u00bb][et_pb_row admin_label=\u00bbrow\u00bb][et_pb_column type=\u00bb4_4&#8243;][et_pb_text admin_label=\u00bbText\u00bb background_layout=\u00bblight\u00bb text_orientation=\u00bbleft\u00bb use_border_color=\u00bboff\u00bb border_color=\u00bb#ffffff\u00bb border_style=\u00bbsolid\u00bb]<\/p>\n<h2>Qu\u00e9 es ACRA<\/h2>\n<p><img loading=\"lazy\" decoding=\"async\" class=\"size-full wp-image-429 alignleft\" src=\"https:\/\/www.residenciajoviar.com\/wp-content\/uploads\/acra.jpg\" alt=\"acra\" width=\"125\" height=\"124\" \/>Somos miembros de ACRA, la Asociaci\u00f3n Catalana de Recursos Asistenciales. Es una asociaci\u00f3n sin \u00e1nimo de lucro, fundada en 1989, que agrupa entidades de recursos asistenciales (teleasist\u00e8ncia domiciliaria, atenci\u00f3n domiciliaria, centros de d\u00eda, hogares residenciales, residencias asistidas, pisos tutelados y centros sociosanitarios) para gente mayor en todo Catalu\u00f1a. ACRA est\u00e1 conformada por m\u00e1s de 800 servicios asociados que suman casi 29.000 plazas de atenci\u00f3n a la gente mayor y m\u00e1s de 20.000 trabajadores.<\/p>\n<p><strong>Misi\u00f3n<\/strong><\/p>\n<p>ACRA tiene por misi\u00f3n la promoci\u00f3n del bienestar de la gente mayor, de su calidad asistencial y calidad de vida, mediante la defensa de los intereses de las empresas y entidades asociadas, y de sus clientes, en colaboraci\u00f3n con las administraciones.<\/p>\n<p>&nbsp;<\/p>\n<h3>ISO 9001:2008 Pol\u00edtica de calidad garantizada<\/h3>\n<p><img loading=\"lazy\" decoding=\"async\" class=\"size-full wp-image-430 alignleft\" src=\"https:\/\/www.residenciajoviar.com\/wp-content\/uploads\/logos-credits.jpg\" alt=\"logos-credits\" width=\"180\" height=\"236\" \/>La implantaci\u00f3n y el mantenimiento de nuestro sistema de gesti\u00f3n de calidad ISO 9001, garantiza el cumplimiento de nuestros objetivos, consiguiendo a la vegada una mejora contin\u00faa en todos los procesos de la organizaci\u00f3n de nuestro centro.<\/p>\n<p>La implementaci\u00f3n de la ISO contribuye por un lado a la prevenci\u00f3n de errores, puesto que todas las tareas est\u00e1n continuamente planificadas y revisadas para mejorar el sistema de trabajo, y por otro lado, proporciona la formaci\u00f3n necesaria y contin\u00faa del personal para conocer y hacer cumplir la normativa existente.<\/p>\n<p>Desde la Direcci\u00f3n del centro hay un inter\u00e9s especial al impulsar, mantener en el tiempo esta pol\u00edtica de calidad y revisarla peri\u00f3dicamente, ofreciendo todos los recursos y mecanismos necesarios por la consecuci\u00f3n de objetivos y para conseguir la implicaci\u00f3n de todas las personas que integran la organizaci\u00f3n.\u00a0<a href=\"https:\/\/www.residenciajoviar.com\/wp-content\/uploads\/certificat-definitiu-ISO90012008.pdf\" target=\"_blank\">Descarrega certificat en PDF<\/a><\/p>\n<p>&nbsp;<\/p>\n<p>[\/et_pb_text][\/et_pb_column][\/et_pb_row][\/et_pb_section]<\/p>\n","protected":false},"excerpt":{"rendered":"<p>Qu\u00e9 es ACRA Somos miembros de ACRA, la Asociaci\u00f3n Catalana de Recursos Asistenciales. Es una asociaci\u00f3n sin \u00e1nimo de lucro, fundada en 1989, que agrupa entidades de recursos asistenciales (teleasist\u00e8ncia domiciliaria, atenci\u00f3n domiciliaria, centros de d\u00eda, hogares residenciales, residencias asistidas, pisos tutelados y centros sociosanitarios) para gente mayor en todo Catalu\u00f1a. ACRA est\u00e1 conformada por [&hellip;]<\/p>\n","protected":false},"author":1,"featured_media":0,"parent":472,"menu_order":7,"comment_status":"closed","ping_status":"closed","template":"","meta":{"_acf_changed":false,"_et_pb_use_builder":"on","_et_pb_old_content":"<h2>Qu\u00e8 \u00e9s ACRA<\/h2><p>Som membres d\u2019ACRA, l\u2019Associaci\u00f3 Catalana de Recursos Assistencials. \u00c9s una associaci\u00f3 sense \u00e0nim de lucre, fundada l'any 1989, que agrupa entitats de recursos assistencials (teleassist\u00e8ncia domicili\u00e0ria, atenci\u00f3 domicili\u00e0ria, centres de dia , llars residencials, resid\u00e8ncies assistides, pisos tutelats i centres sociosanitaris) per a gent gran a tot Catalunya. ACRA est\u00e0 conformada per m\u00e9s de 800 serveis associats que sumen gaireb\u00e9 29.000 places d'atenci\u00f3 a la gent gran i m\u00e9s de 20.000 treballadors.<\/p><p><strong>Missi\u00f3<\/strong><\/p><p>ACRA t\u00e9 per missi\u00f3 la promoci\u00f3 del benestar de la gent gran, de la seva qualitat assistencial i qualitat de vida, mitjan\u00e7ant la defensa dels interessos de les empreses i entitats associades, i dels seus clients, en col\u00b7laboraci\u00f3 amb les administracions.<\/p><p>\u00a0<\/p><h3>ISO 9001:2008 Pol\u00edtica de qualitat garantida<\/h3><p>La implantaci\u00f3\u00a0 i el manteniment del nostre\u00a0 sistema de gesti\u00f3 de qualitat ISO 9001, garanteix el compliment dels nostres objectius, aconseguint a la vegada una millora continua en tots els processos de l\u2019organitzaci\u00f3 del nostre centre.<\/p><p>La implementaci\u00f3 de la ISO contribueix d\u2019una banda a la prevenci\u00f3 d\u2019errades, ja que totes les tasques estan cont\u00ednuament planificades i revisades per a millorar el sistema de treball, i d\u2019altra banda, proporciona la formaci\u00f3 necess\u00e0ria i continua del personal per tal de con\u00e8ixer i fer complir la normativa existent.<\/p><p>Des de la Direcci\u00f3 del\u00a0 centre hi ha un inter\u00e8s especial en impulsar, mantenir en el temps aquesta pol\u00edtica de qualitat i revisar-la peri\u00f2dicament, oferint tots els recursos i mecanismes necessaris per la consecuci\u00f3 d\u2019objectius i per aconseguir la implicaci\u00f3 de totes les persones que integren l\u2019organitzaci\u00f3.<\/p><p>\u00a0<\/p>","_et_gb_content_width":"","footnotes":""},"class_list":["post-467","page","type-page","status-publish","hentry"],"acf":[],"yoast_head":"<!-- This site is optimized with the Yoast SEO plugin v27.5 - https:\/\/yoast.com\/product\/yoast-seo-wordpress\/ -->\n<title>Valores y Cr\u00e9ditos A\u00f1adidos - RESID\u00c8NCIA JOVIAR - Centre lliure de contencions<\/title>\n<meta name=\"robots\" content=\"index, follow, max-snippet:-1, max-image-preview:large, max-video-preview:-1\" \/>\n<link rel=\"canonical\" href=\"https:\/\/www.residenciajoviar.com\/es\/centro-residencial\/valores-y-creditos-anadidos\/\" \/>\n<meta property=\"og:locale\" content=\"es_ES\" \/>\n<meta property=\"og:type\" content=\"article\" \/>\n<meta property=\"og:title\" content=\"Valores y Cr\u00e9ditos A\u00f1adidos - RESID\u00c8NCIA JOVIAR - Centre lliure de contencions\" \/>\n<meta property=\"og:description\" content=\"Qu\u00e9 es ACRA Somos miembros de ACRA, la Asociaci\u00f3n Catalana de Recursos Asistenciales. Es una asociaci\u00f3n sin \u00e1nimo de lucro, fundada en 1989, que agrupa entidades de recursos asistenciales (teleasist\u00e8ncia domiciliaria, atenci\u00f3n domiciliaria, centros de d\u00eda, hogares residenciales, residencias asistidas, pisos tutelados y centros sociosanitarios) para gente mayor en todo Catalu\u00f1a. ACRA est\u00e1 conformada por [&hellip;]\" \/>\n<meta property=\"og:url\" content=\"https:\/\/www.residenciajoviar.com\/es\/centro-residencial\/valores-y-creditos-anadidos\/\" \/>\n<meta property=\"og:site_name\" content=\"RESID\u00c8NCIA JOVIAR - Centre lliure de contencions\" \/>\n<meta property=\"article:publisher\" content=\"https:\/\/www.facebook.com\/residenciajoviar\/\" \/>\n<meta property=\"article:modified_time\" content=\"2016-09-13T15:26:29+00:00\" \/>\n<meta property=\"og:image\" content=\"https:\/\/www.residenciajoviar.com\/wp-content\/uploads\/acra.jpg\" \/>\n<meta name=\"twitter:card\" content=\"summary_large_image\" \/>\n<meta name=\"twitter:site\" content=\"@JoviarLleida\" \/>\n<meta name=\"twitter:label1\" content=\"Tiempo de lectura\" \/>\n\t<meta name=\"twitter:data1\" content=\"2 minutos\" \/>\n<script type=\"application\/ld+json\" class=\"yoast-schema-graph\">{\"@context\":\"https:\\\/\\\/schema.org\",\"@graph\":[{\"@type\":\"WebPage\",\"@id\":\"https:\\\/\\\/www.residenciajoviar.com\\\/es\\\/centro-residencial\\\/valores-y-creditos-anadidos\\\/\",\"url\":\"https:\\\/\\\/www.residenciajoviar.com\\\/es\\\/centro-residencial\\\/valores-y-creditos-anadidos\\\/\",\"name\":\"Valores y Cr\u00e9ditos A\u00f1adidos - RESID\u00c8NCIA JOVIAR - Centre lliure de contencions\",\"isPartOf\":{\"@id\":\"https:\\\/\\\/www.residenciajoviar.com\\\/#website\"},\"primaryImageOfPage\":{\"@id\":\"https:\\\/\\\/www.residenciajoviar.com\\\/es\\\/centro-residencial\\\/valores-y-creditos-anadidos\\\/#primaryimage\"},\"image\":{\"@id\":\"https:\\\/\\\/www.residenciajoviar.com\\\/es\\\/centro-residencial\\\/valores-y-creditos-anadidos\\\/#primaryimage\"},\"thumbnailUrl\":\"https:\\\/\\\/www.residenciajoviar.com\\\/wp-content\\\/uploads\\\/acra.jpg\",\"datePublished\":\"2016-06-26T15:45:28+00:00\",\"dateModified\":\"2016-09-13T15:26:29+00:00\",\"breadcrumb\":{\"@id\":\"https:\\\/\\\/www.residenciajoviar.com\\\/es\\\/centro-residencial\\\/valores-y-creditos-anadidos\\\/#breadcrumb\"},\"inLanguage\":\"es\",\"potentialAction\":[{\"@type\":\"ReadAction\",\"target\":[\"https:\\\/\\\/www.residenciajoviar.com\\\/es\\\/centro-residencial\\\/valores-y-creditos-anadidos\\\/\"]}]},{\"@type\":\"ImageObject\",\"inLanguage\":\"es\",\"@id\":\"https:\\\/\\\/www.residenciajoviar.com\\\/es\\\/centro-residencial\\\/valores-y-creditos-anadidos\\\/#primaryimage\",\"url\":\"https:\\\/\\\/www.residenciajoviar.com\\\/wp-content\\\/uploads\\\/acra.jpg\",\"contentUrl\":\"https:\\\/\\\/www.residenciajoviar.com\\\/wp-content\\\/uploads\\\/acra.jpg\"},{\"@type\":\"BreadcrumbList\",\"@id\":\"https:\\\/\\\/www.residenciajoviar.com\\\/es\\\/centro-residencial\\\/valores-y-creditos-anadidos\\\/#breadcrumb\",\"itemListElement\":[{\"@type\":\"ListItem\",\"position\":1,\"name\":\"Inici\",\"item\":\"https:\\\/\\\/www.residenciajoviar.com\\\/es\\\/\"},{\"@type\":\"ListItem\",\"position\":2,\"name\":\"Centro Residencial\",\"item\":\"https:\\\/\\\/www.residenciajoviar.com\\\/es\\\/centro-residencial\\\/\"},{\"@type\":\"ListItem\",\"position\":3,\"name\":\"Valores y Cr\u00e9ditos A\u00f1adidos\"}]},{\"@type\":\"WebSite\",\"@id\":\"https:\\\/\\\/www.residenciajoviar.com\\\/#website\",\"url\":\"https:\\\/\\\/www.residenciajoviar.com\\\/\",\"name\":\"RESID\u00c8NCIA JOVIAR - Centre lliure de contencions\",\"description\":\"Centre lliure de contencions\",\"potentialAction\":[{\"@type\":\"SearchAction\",\"target\":{\"@type\":\"EntryPoint\",\"urlTemplate\":\"https:\\\/\\\/www.residenciajoviar.com\\\/?s={search_term_string}\"},\"query-input\":{\"@type\":\"PropertyValueSpecification\",\"valueRequired\":true,\"valueName\":\"search_term_string\"}}],\"inLanguage\":\"es\"}]}<\/script>\n<!-- \/ Yoast SEO plugin. -->","yoast_head_json":{"title":"Valores y Cr\u00e9ditos A\u00f1adidos - RESID\u00c8NCIA JOVIAR - Centre lliure de contencions","robots":{"index":"index","follow":"follow","max-snippet":"max-snippet:-1","max-image-preview":"max-image-preview:large","max-video-preview":"max-video-preview:-1"},"canonical":"https:\/\/www.residenciajoviar.com\/es\/centro-residencial\/valores-y-creditos-anadidos\/","og_locale":"es_ES","og_type":"article","og_title":"Valores y Cr\u00e9ditos A\u00f1adidos - RESID\u00c8NCIA JOVIAR - Centre lliure de contencions","og_description":"Qu\u00e9 es ACRA Somos miembros de ACRA, la Asociaci\u00f3n Catalana de Recursos Asistenciales. Es una asociaci\u00f3n sin \u00e1nimo de lucro, fundada en 1989, que agrupa entidades de recursos asistenciales (teleasist\u00e8ncia domiciliaria, atenci\u00f3n domiciliaria, centros de d\u00eda, hogares residenciales, residencias asistidas, pisos tutelados y centros sociosanitarios) para gente mayor en todo Catalu\u00f1a. ACRA est\u00e1 conformada por [&hellip;]","og_url":"https:\/\/www.residenciajoviar.com\/es\/centro-residencial\/valores-y-creditos-anadidos\/","og_site_name":"RESID\u00c8NCIA JOVIAR - Centre lliure de contencions","article_publisher":"https:\/\/www.facebook.com\/residenciajoviar\/","article_modified_time":"2016-09-13T15:26:29+00:00","og_image":[{"url":"https:\/\/www.residenciajoviar.com\/wp-content\/uploads\/acra.jpg","type":"","width":"","height":""}],"twitter_card":"summary_large_image","twitter_site":"@JoviarLleida","twitter_misc":{"Tiempo de lectura":"2 minutos"},"schema":{"@context":"https:\/\/schema.org","@graph":[{"@type":"WebPage","@id":"https:\/\/www.residenciajoviar.com\/es\/centro-residencial\/valores-y-creditos-anadidos\/","url":"https:\/\/www.residenciajoviar.com\/es\/centro-residencial\/valores-y-creditos-anadidos\/","name":"Valores y Cr\u00e9ditos A\u00f1adidos - RESID\u00c8NCIA JOVIAR - Centre lliure de contencions","isPartOf":{"@id":"https:\/\/www.residenciajoviar.com\/#website"},"primaryImageOfPage":{"@id":"https:\/\/www.residenciajoviar.com\/es\/centro-residencial\/valores-y-creditos-anadidos\/#primaryimage"},"image":{"@id":"https:\/\/www.residenciajoviar.com\/es\/centro-residencial\/valores-y-creditos-anadidos\/#primaryimage"},"thumbnailUrl":"https:\/\/www.residenciajoviar.com\/wp-content\/uploads\/acra.jpg","datePublished":"2016-06-26T15:45:28+00:00","dateModified":"2016-09-13T15:26:29+00:00","breadcrumb":{"@id":"https:\/\/www.residenciajoviar.com\/es\/centro-residencial\/valores-y-creditos-anadidos\/#breadcrumb"},"inLanguage":"es","potentialAction":[{"@type":"ReadAction","target":["https:\/\/www.residenciajoviar.com\/es\/centro-residencial\/valores-y-creditos-anadidos\/"]}]},{"@type":"ImageObject","inLanguage":"es","@id":"https:\/\/www.residenciajoviar.com\/es\/centro-residencial\/valores-y-creditos-anadidos\/#primaryimage","url":"https:\/\/www.residenciajoviar.com\/wp-content\/uploads\/acra.jpg","contentUrl":"https:\/\/www.residenciajoviar.com\/wp-content\/uploads\/acra.jpg"},{"@type":"BreadcrumbList","@id":"https:\/\/www.residenciajoviar.com\/es\/centro-residencial\/valores-y-creditos-anadidos\/#breadcrumb","itemListElement":[{"@type":"ListItem","position":1,"name":"Inici","item":"https:\/\/www.residenciajoviar.com\/es\/"},{"@type":"ListItem","position":2,"name":"Centro Residencial","item":"https:\/\/www.residenciajoviar.com\/es\/centro-residencial\/"},{"@type":"ListItem","position":3,"name":"Valores y Cr\u00e9ditos A\u00f1adidos"}]},{"@type":"WebSite","@id":"https:\/\/www.residenciajoviar.com\/#website","url":"https:\/\/www.residenciajoviar.com\/","name":"RESID\u00c8NCIA JOVIAR - Centre lliure de contencions","description":"Centre lliure de contencions","potentialAction":[{"@type":"SearchAction","target":{"@type":"EntryPoint","urlTemplate":"https:\/\/www.residenciajoviar.com\/?s={search_term_string}"},"query-input":{"@type":"PropertyValueSpecification","valueRequired":true,"valueName":"search_term_string"}}],"inLanguage":"es"}]}},"_links":{"self":[{"href":"https:\/\/www.residenciajoviar.com\/es\/wp-json\/wp\/v2\/pages\/467","targetHints":{"allow":["GET"]}}],"collection":[{"href":"https:\/\/www.residenciajoviar.com\/es\/wp-json\/wp\/v2\/pages"}],"about":[{"href":"https:\/\/www.residenciajoviar.com\/es\/wp-json\/wp\/v2\/types\/page"}],"author":[{"embeddable":true,"href":"https:\/\/www.residenciajoviar.com\/es\/wp-json\/wp\/v2\/users\/1"}],"replies":[{"embeddable":true,"href":"https:\/\/www.residenciajoviar.com\/es\/wp-json\/wp\/v2\/comments?post=467"}],"version-history":[{"count":0,"href":"https:\/\/www.residenciajoviar.com\/es\/wp-json\/wp\/v2\/pages\/467\/revisions"}],"up":[{"embeddable":true,"href":"https:\/\/www.residenciajoviar.com\/es\/wp-json\/wp\/v2\/pages\/472"}],"wp:attachment":[{"href":"https:\/\/www.residenciajoviar.com\/es\/wp-json\/wp\/v2\/media?parent=467"}],"curies":[{"name":"wp","href":"https:\/\/api.w.org\/{rel}","templated":true}]}}