{"id":472,"date":"2016-06-26T17:41:18","date_gmt":"2016-06-26T15:41:18","guid":{"rendered":"http:\/\/www.residenciajoviar.com\/es\/la-residencia\/"},"modified":"2022-07-13T20:32:06","modified_gmt":"2022-07-13T18:32:06","slug":"centro-residencial","status":"publish","type":"page","link":"https:\/\/www.residenciajoviar.com\/es\/centro-residencial\/","title":{"rendered":"Centro Residencial"},"content":{"rendered":"<p>[et_pb_section fb_built=\u00bb1&#8243; fullwidth=\u00bbon\u00bb custom_padding_last_edited=\u00bbon|desktop\u00bb admin_label=\u00bbSecci\u00f3n\u00bb _builder_version=\u00bb4.17.5&#8243; background_color=\u00bbrgba(2,69,150,0.46)\u00bb background_image=\u00bbhttps:\/\/www.residenciajoviar.com\/wp-content\/uploads\/240222_Joviar-8.jpg\u00bb custom_padding=\u00bb30px||30px|\u00bb custom_padding_tablet=\u00bb50px|0|50px|0&#8243; custom_padding_phone=\u00bb\u00bb hover_enabled=\u00bb0&#8243; transparent_background=\u00bboff\u00bb padding_mobile=\u00bboff\u00bb make_fullwidth=\u00bboff\u00bb use_custom_width=\u00bboff\u00bb width_unit=\u00bbon\u00bb custom_width_px=\u00bb1080px\u00bb custom_width_percent=\u00bb80%\u00bb global_colors_info=\u00bb{}\u00bb title_text=\u00bb240222_Joviar (8)\u00bb sticky_enabled=\u00bb0&#8243;][et_pb_fullwidth_post_title meta=\u00bboff\u00bb featured_image=\u00bboff\u00bb text_color=\u00bblight\u00bb admin_label=\u00bbT\u00edtulo de publicaci\u00f3n de anchura completa\u00bb _builder_version=\u00bb4.16&#8243; title_font=\u00bb|||on|\u00bb title_font_size=\u00bb30px\u00bb title_all_caps=\u00bboff\u00bb parallax=\u00bbon\u00bb parallax_method=\u00bboff\u00bb custom_margin=\u00bb0px||0px|\u00bb custom_padding=\u00bb20px||0px|\u00bb parallax_effect=\u00bbon\u00bb use_border_color=\u00bboff\u00bb border_color=\u00bb#ffffff\u00bb border_width=\u00bb1px\u00bb border_style=\u00bbsolid\u00bb global_colors_info=\u00bb{}\u00bb][\/et_pb_fullwidth_post_title][\/et_pb_section][et_pb_section fb_built=\u00bb1&#8243; custom_padding_last_edited=\u00bbon|desktop\u00bb admin_label=\u00bbsection\u00bb _builder_version=\u00bb4.16&#8243; custom_padding_tablet=\u00bb50px|0|50px|0&#8243; custom_padding_phone=\u00bb\u00bb transparent_background=\u00bboff\u00bb padding_mobile=\u00bboff\u00bb make_fullwidth=\u00bboff\u00bb use_custom_width=\u00bboff\u00bb width_unit=\u00bboff\u00bb custom_width_px=\u00bb1080px\u00bb custom_width_percent=\u00bb80%\u00bb global_colors_info=\u00bb{}\u00bb][et_pb_row padding_mobile=\u00bboff\u00bb column_padding_mobile=\u00bbon\u00bb admin_label=\u00bbrow\u00bb _builder_version=\u00bb4.16&#8243; background_size=\u00bbinitial\u00bb background_position=\u00bbtop_left\u00bb background_repeat=\u00bbrepeat\u00bb make_fullwidth=\u00bboff\u00bb use_custom_width=\u00bboff\u00bb width_unit=\u00bboff\u00bb custom_width_px=\u00bb1080px\u00bb custom_width_percent=\u00bb80%\u00bb global_colors_info=\u00bb{}\u00bb][et_pb_column type=\u00bb4_4&#8243; _builder_version=\u00bb4.16&#8243; custom_padding=\u00bb|||\u00bb global_colors_info=\u00bb{}\u00bb custom_padding__hover=\u00bb|||\u00bb][et_pb_image src=\u00bbhttps:\/\/www.residenciajoviar.com\/wp-content\/uploads\/residencia-joviar-lleida-informacio.jpg\u00bb align=\u00bbcenter\u00bb align_tablet=\u00bbcenter\u00bb align_phone=\u00bb\u00bb align_last_edited=\u00bbon|desktop\u00bb admin_label=\u00bbImagen\u00bb _builder_version=\u00bb4.16&#8243; animation_style=\u00bbslide\u00bb animation_direction=\u00bbbottom\u00bb animation_duration=\u00bb500ms\u00bb animation_intensity_slide=\u00bb10%\u00bb use_border_color=\u00bboff\u00bb border_color=\u00bb#ffffff\u00bb border_width=\u00bb1px\u00bb border_style=\u00bbsolid\u00bb animation=\u00bbbottom\u00bb sticky=\u00bboff\u00bb always_center_on_mobile=\u00bbon\u00bb global_colors_info=\u00bb{}\u00bb][\/et_pb_image][et_pb_text admin_label=\u00bbTexto\u00bb _builder_version=\u00bb4.16&#8243; background_size=\u00bbinitial\u00bb background_position=\u00bbtop_left\u00bb background_repeat=\u00bbrepeat\u00bb text_orientation=\u00bbcenter\u00bb max_width=\u00bb60%\u00bb max_width_tablet=\u00bb90%\u00bb max_width_phone=\u00bb100%\u00bb module_alignment=\u00bbcenter\u00bb use_border_color=\u00bboff\u00bb border_style=\u00bbsolid\u00bb global_colors_info=\u00bb{}\u00bb]<\/p>\n<p class=\"p1\"><span class=\"s1\">Nuestro centro residencial sigue un modelo de atenci\u00f3n integral para intentar cubrir todas las necesidades desde el punto de vista psicol\u00f3gico, biol\u00f3gico y social para las personas residentes. Nos basamos en nuestros pilares fundamentales que son: nuestras instalaciones, los servicios que ofrecemos y sobre todo, el equipo humano que trabaja en el centro.<\/span><\/p>\n<p class=\"p1\"><span class=\"s1\">Las instalaciones del Centro Residencial Joviar se encuentran ubicadas en su totalidad en la planta baja, sin barreras arquitect\u00f3nicas, facilitando as\u00ed la interrelaci\u00f3n de las personas residentes con la totalidad del entorno residencial.<\/span><\/p>\n<p class=\"p1\"><span class=\"s1\">La residencia cuenta con habitaciones individuales y dobles, con ba\u00f1o geri\u00e1trico adaptado.<\/span><\/p>\n<p>[\/et_pb_text][\/et_pb_column][\/et_pb_row][\/et_pb_section][et_pb_section fb_built=\u00bb1&#8243; specialty=\u00bbon\u00bb custom_padding_last_edited=\u00bbon|desktop\u00bb parallax_method_1=\u00bboff\u00bb parallax_method_2=\u00bboff\u00bb admin_label=\u00bbSecci\u00f3n\u00bb module_class=\u00bbllista-especial-joviar\u00bb _builder_version=\u00bb4.16&#8243; background_color=\u00bbrgba(229,229,229,0.73)\u00bb custom_padding_tablet=\u00bb50px|0|50px|0&#8243; custom_padding_phone=\u00bb\u00bb transparent_background=\u00bboff\u00bb padding_mobile=\u00bboff\u00bb make_fullwidth=\u00bboff\u00bb use_custom_width=\u00bboff\u00bb width_unit=\u00bbon\u00bb custom_width_px=\u00bb1080px\u00bb custom_width_percent=\u00bb80%\u00bb global_colors_info=\u00bb{}\u00bb][et_pb_column type=\u00bb1_2&#8243; _builder_version=\u00bb4.16&#8243; custom_padding=\u00bb|||\u00bb global_colors_info=\u00bb{}\u00bb custom_padding__hover=\u00bb|||\u00bb][et_pb_gallery gallery_ids=\u00bb2242,2211,2213,1798,1802,2251,2253,2255,1832,1826,1846&#8243; fullwidth=\u00bbon\u00bb admin_label=\u00bbGallery\u00bb _builder_version=\u00bb4.17.5&#8243; caption_all_caps=\u00bboff\u00bb auto=\u00bbon\u00bb auto_speed=\u00bb4000&#8243; hover_enabled=\u00bb0&#8243; use_border_color=\u00bboff\u00bb border_color=\u00bb#ffffff\u00bb border_width=\u00bb1px\u00bb border_style=\u00bbsolid\u00bb global_colors_info=\u00bb{}\u00bb sticky_enabled=\u00bb0&#8243;] [\/et_pb_gallery][et_pb_text admin_label=\u00bbTexto\u00bb _builder_version=\u00bb4.16&#8243; background_size=\u00bbinitial\u00bb background_position=\u00bbtop_left\u00bb background_repeat=\u00bbrepeat\u00bb use_border_color=\u00bboff\u00bb border_style=\u00bbsolid\u00bb global_colors_info=\u00bb{}\u00bb]<\/p>\n<h2>Instalaciones<\/h2>\n<ul>\n<li>Sala de rehabilitaci\u00f3n<\/li>\n<li>Sala de actividades \/ terapia ocupacional<\/li>\n<li>Sales de comedores adaptadas a las personas residentes<\/li>\n<li>Sala de peluquer\u00eda<\/li>\n<li>Sala de podolog\u00eda<\/li>\n<li>Cocina propia del centro<\/li>\n<li>Sala de visitas<\/li>\n<li>Lavander\u00eda<\/li>\n<li>Amplia zona ajardinada<\/li>\n<li>Espacio polivalente exterior<\/li>\n<\/ul>\n<p>[\/et_pb_text][\/et_pb_column][et_pb_column type=\u00bb1_2&#8243; specialty_columns=\u00bb2&#8243; _builder_version=\u00bb4.16&#8243; custom_padding=\u00bb|||\u00bb global_colors_info=\u00bb{}\u00bb custom_padding__hover=\u00bb|||\u00bb][et_pb_row_inner padding_mobile=\u00bboff\u00bb column_padding_mobile=\u00bbon\u00bb admin_label=\u00bbrow_inner\u00bb _builder_version=\u00bb4.16&#8243; custom_padding=\u00bb||10px|\u00bb global_colors_info=\u00bb{}\u00bb][et_pb_column_inner saved_specialty_column_type=\u00bb1_2&#8243; _builder_version=\u00bb4.16&#8243; custom_padding=\u00bb|||\u00bb global_colors_info=\u00bb{}\u00bb custom_padding__hover=\u00bb|||\u00bb][et_pb_image src=\u00bbhttps:\/\/www.residenciajoviar.com\/wp-content\/uploads\/IBC5634.jpg\u00bb alt=\u00bbresidencia joviar &#8211; lleida\u00bb title_text=\u00bbresidencia joviar &#8211; lleida\u00bb align=\u00bbcenter\u00bb align_tablet=\u00bbcenter\u00bb align_phone=\u00bb\u00bb align_last_edited=\u00bbon|desktop\u00bb admin_label=\u00bbImagen\u00bb _builder_version=\u00bb4.16&#8243; animation_style=\u00bbslide\u00bb animation_direction=\u00bbtop\u00bb animation_duration=\u00bb500ms\u00bb animation_intensity_slide=\u00bb10%\u00bb use_border_color=\u00bboff\u00bb border_color=\u00bb#ffffff\u00bb border_style=\u00bbsolid\u00bb animation=\u00bbtop\u00bb sticky=\u00bboff\u00bb always_center_on_mobile=\u00bbon\u00bb global_colors_info=\u00bb{}\u00bb] [\/et_pb_image][et_pb_text admin_label=\u00bbTexto\u00bb _builder_version=\u00bb4.16&#8243; background_size=\u00bbinitial\u00bb background_position=\u00bbtop_left\u00bb background_repeat=\u00bbrepeat\u00bb use_border_color=\u00bboff\u00bb border_style=\u00bbsolid\u00bb global_colors_info=\u00bb{}\u00bb]<\/p>\n<h2>Recursos Humanos<\/h2>\n<h2><span style=\"color: #666666; font-family: Raleway, Helvetica, Arial, Lucida, sans-serif;\"><span style=\"font-size: 15px; line-height: 25.5px;\">El centro residencial cuenta con un equipo de profesionales, con la formaci\u00f3n adecuada para dar una atenci\u00f3n de calidad a las personas residentes. Las diferentes disciplinas son:<\/span><\/span><\/h2>\n<p>[\/et_pb_text][\/et_pb_column_inner][\/et_pb_row_inner][et_pb_row_inner column_structure=\u00bb1_2,1_2&#8243; padding_mobile=\u00bboff\u00bb column_padding_mobile=\u00bbon\u00bb admin_label=\u00bbrow_inner\u00bb _builder_version=\u00bb4.16&#8243; custom_padding=\u00bb0px|||\u00bb global_colors_info=\u00bb{}\u00bb][et_pb_column_inner type=\u00bb1_2&#8243; saved_specialty_column_type=\u00bb1_2&#8243; _builder_version=\u00bb4.16&#8243; custom_padding=\u00bb|||\u00bb global_colors_info=\u00bb{}\u00bb custom_padding__hover=\u00bb|||\u00bb][et_pb_text admin_label=\u00bbTexto\u00bb _builder_version=\u00bb4.16&#8243; background_size=\u00bbinitial\u00bb background_position=\u00bbtop_left\u00bb background_repeat=\u00bbrepeat\u00bb use_border_color=\u00bboff\u00bb border_style=\u00bbsolid\u00bb global_colors_info=\u00bb{}\u00bb]<\/p>\n<ul>\n<li>Direcci\u00f3n<\/li>\n<li>Gerencia<\/li>\n<li>Medicina<\/li>\n<li>Enfermer\u00eda<\/li>\n<li>Trabajo Social<\/li>\n<li>Terapia ocupacional<\/li>\n<li>Psicologia<\/li>\n<\/ul>\n<p>[\/et_pb_text][\/et_pb_column_inner][et_pb_column_inner type=\u00bb1_2&#8243; saved_specialty_column_type=\u00bb1_2&#8243; _builder_version=\u00bb4.16&#8243; custom_padding=\u00bb|||\u00bb global_colors_info=\u00bb{}\u00bb custom_padding__hover=\u00bb|||\u00bb][et_pb_text admin_label=\u00bbTexto\u00bb _builder_version=\u00bb4.16&#8243; background_size=\u00bbinitial\u00bb background_position=\u00bbtop_left\u00bb background_repeat=\u00bbrepeat\u00bb use_border_color=\u00bboff\u00bb border_style=\u00bbsolid\u00bb global_colors_info=\u00bb{}\u00bb]<\/p>\n<ul>\n<li>Fisioterapia<\/li>\n<li>Animaci\u00f3n socio-cultural<\/li>\n<li>Gerocultor\u00eda<\/li>\n<li>Cocina<\/li>\n<li>Lavander\u00eda\u00a0<\/li>\n<li>Limpieza<\/li>\n<li><span style=\"font-size: 15px;\">Administraci\u00f3n<\/span><\/li>\n<\/ul>\n<p>[\/et_pb_text][\/et_pb_column_inner][\/et_pb_row_inner][\/et_pb_column][\/et_pb_section]<\/p>\n","protected":false},"excerpt":{"rendered":"<p>Nuestro centro residencial sigue un modelo de atenci\u00f3n integral para intentar cubrir todas las necesidades desde el punto de vista psicol\u00f3gico, biol\u00f3gico y social para las personas residentes. Nos basamos en nuestros pilares fundamentales que son: nuestras instalaciones, los servicios que ofrecemos y sobre todo, el equipo humano que trabaja en el centro. Las instalaciones [&hellip;]<\/p>\n","protected":false},"author":1,"featured_media":0,"parent":0,"menu_order":2,"comment_status":"closed","ping_status":"closed","template":"","meta":{"_acf_changed":false,"_et_pb_use_builder":"on","_et_pb_old_content":"<p>El nostre centre segueix un model d\u2019atenci\u00f3 integral per intentar cobrir totes les necessitats des del punt de vista psicol\u00f2gic, biol\u00f2gic i social per als nostres usuaris. Ens basem en els nostres pilars fonamentals com s\u00f3n: les nostres instal\u00b7lacions, els serveis que oferim i sobre tot, l\u2019equip de recursos humans que treballa amb nosaltres.<\/p><p>Les instal\u00b7lacions del centre, es troben ubicades en la seva totalitat en planta baixa, sense barreres arquitect\u00f2niques, facilitant aix\u00ed la interrelaci\u00f3 dels nostres usuaris amb la totalitat de l\u2019entorn residencial.<\/p><p>La residencia compta amb habitacions individuals i dobles amb bany geri\u00e0tric adaptat.<\/p><p>\u00a0<\/p><h2>Instal\u00b7lacions<\/h2><p>Sala de rehabilitaci\u00f3<\/p><p>Sala d'activitats \/ Ter\u00e0pia Ocupacional<\/p><p>Dos menjadors, depenent del nivell d'atenci\u00f3 que necessiten els nostres residents.<\/p><p>Perruqueria.<\/p><p>Sala de podologia.<\/p><p>Cuina pr\u00f2pia del centre.<\/p><p>Sala de visites.<\/p><p>Guarderia laboral pels fills del personal del centre.<\/p><p>\u00a0<\/p><h2>Recursos humans<\/h2><p>La residencia compta amb un equip de professionals, amb la formaci\u00f3 adequada per donar una atenci\u00f3 de qualitat als nostres usuaris. L\u2019equip de recursos humans est\u00e0 format per :<\/p><p>Direcci\u00f3<\/p><p>Metge<\/p><p>Equip d'infermeria<\/p><p>Treballadora Social<\/p><p>Terapeuta ocupacional<\/p><p>Psic\u00f2loga<\/p><p>Fisioterapeuta<\/p><p>TASOC<\/p><p>Equip de gerocultors<\/p><p>Equip de cuina<\/p><p>Equip de bugaderia<\/p><p>Equip de neteja<\/p><p>Xofers.<\/p>","_et_gb_content_width":"","footnotes":""},"class_list":["post-472","page","type-page","status-publish","hentry"],"acf":[],"yoast_head":"<!-- This site is optimized with the Yoast SEO plugin v27.5 - https:\/\/yoast.com\/product\/yoast-seo-wordpress\/ -->\n<title>Centro Residencial - RESID\u00c8NCIA JOVIAR - Centre lliure de contencions<\/title>\n<meta name=\"robots\" content=\"index, follow, max-snippet:-1, max-image-preview:large, max-video-preview:-1\" \/>\n<link rel=\"canonical\" href=\"https:\/\/www.residenciajoviar.com\/es\/centro-residencial\/\" \/>\n<meta property=\"og:locale\" content=\"es_ES\" \/>\n<meta property=\"og:type\" content=\"article\" \/>\n<meta property=\"og:title\" content=\"Centro Residencial - RESID\u00c8NCIA JOVIAR - Centre lliure de contencions\" \/>\n<meta property=\"og:description\" content=\"Nuestro centro residencial sigue un modelo de atenci\u00f3n integral para intentar cubrir todas las necesidades desde el punto de vista psicol\u00f3gico, biol\u00f3gico y social para las personas residentes. Nos basamos en nuestros pilares fundamentales que son: nuestras instalaciones, los servicios que ofrecemos y sobre todo, el equipo humano que trabaja en el centro. Las instalaciones [&hellip;]\" \/>\n<meta property=\"og:url\" content=\"https:\/\/www.residenciajoviar.com\/es\/centro-residencial\/\" \/>\n<meta property=\"og:site_name\" content=\"RESID\u00c8NCIA JOVIAR - Centre lliure de contencions\" \/>\n<meta property=\"article:publisher\" content=\"https:\/\/www.facebook.com\/residenciajoviar\/\" \/>\n<meta property=\"article:modified_time\" content=\"2022-07-13T18:32:06+00:00\" \/>\n<meta property=\"og:image\" content=\"https:\/\/www.residenciajoviar.com\/wp-content\/uploads\/joviar-facebook-captura-1.png\" \/>\n\t<meta property=\"og:image:width\" content=\"1210\" \/>\n\t<meta property=\"og:image:height\" content=\"1059\" \/>\n\t<meta property=\"og:image:type\" content=\"image\/png\" \/>\n<meta name=\"twitter:card\" content=\"summary_large_image\" \/>\n<meta name=\"twitter:site\" content=\"@JoviarLleida\" \/>\n<meta name=\"twitter:label1\" content=\"Tiempo de lectura\" \/>\n\t<meta name=\"twitter:data1\" content=\"3 minutos\" \/>\n<script type=\"application\/ld+json\" class=\"yoast-schema-graph\">{\"@context\":\"https:\\\/\\\/schema.org\",\"@graph\":[{\"@type\":\"WebPage\",\"@id\":\"https:\\\/\\\/www.residenciajoviar.com\\\/es\\\/centro-residencial\\\/\",\"url\":\"https:\\\/\\\/www.residenciajoviar.com\\\/es\\\/centro-residencial\\\/\",\"name\":\"Centro Residencial - RESID\u00c8NCIA JOVIAR - Centre lliure de contencions\",\"isPartOf\":{\"@id\":\"https:\\\/\\\/www.residenciajoviar.com\\\/#website\"},\"datePublished\":\"2016-06-26T15:41:18+00:00\",\"dateModified\":\"2022-07-13T18:32:06+00:00\",\"breadcrumb\":{\"@id\":\"https:\\\/\\\/www.residenciajoviar.com\\\/es\\\/centro-residencial\\\/#breadcrumb\"},\"inLanguage\":\"es\",\"potentialAction\":[{\"@type\":\"ReadAction\",\"target\":[\"https:\\\/\\\/www.residenciajoviar.com\\\/es\\\/centro-residencial\\\/\"]}]},{\"@type\":\"BreadcrumbList\",\"@id\":\"https:\\\/\\\/www.residenciajoviar.com\\\/es\\\/centro-residencial\\\/#breadcrumb\",\"itemListElement\":[{\"@type\":\"ListItem\",\"position\":1,\"name\":\"Inici\",\"item\":\"https:\\\/\\\/www.residenciajoviar.com\\\/es\\\/\"},{\"@type\":\"ListItem\",\"position\":2,\"name\":\"Centro Residencial\"}]},{\"@type\":\"WebSite\",\"@id\":\"https:\\\/\\\/www.residenciajoviar.com\\\/#website\",\"url\":\"https:\\\/\\\/www.residenciajoviar.com\\\/\",\"name\":\"RESID\u00c8NCIA JOVIAR - Centre lliure de contencions\",\"description\":\"Centre lliure de contencions\",\"potentialAction\":[{\"@type\":\"SearchAction\",\"target\":{\"@type\":\"EntryPoint\",\"urlTemplate\":\"https:\\\/\\\/www.residenciajoviar.com\\\/?s={search_term_string}\"},\"query-input\":{\"@type\":\"PropertyValueSpecification\",\"valueRequired\":true,\"valueName\":\"search_term_string\"}}],\"inLanguage\":\"es\"}]}<\/script>\n<!-- \/ Yoast SEO plugin. -->","yoast_head_json":{"title":"Centro Residencial - RESID\u00c8NCIA JOVIAR - Centre lliure de contencions","robots":{"index":"index","follow":"follow","max-snippet":"max-snippet:-1","max-image-preview":"max-image-preview:large","max-video-preview":"max-video-preview:-1"},"canonical":"https:\/\/www.residenciajoviar.com\/es\/centro-residencial\/","og_locale":"es_ES","og_type":"article","og_title":"Centro Residencial - RESID\u00c8NCIA JOVIAR - Centre lliure de contencions","og_description":"Nuestro centro residencial sigue un modelo de atenci\u00f3n integral para intentar cubrir todas las necesidades desde el punto de vista psicol\u00f3gico, biol\u00f3gico y social para las personas residentes. Nos basamos en nuestros pilares fundamentales que son: nuestras instalaciones, los servicios que ofrecemos y sobre todo, el equipo humano que trabaja en el centro. Las instalaciones [&hellip;]","og_url":"https:\/\/www.residenciajoviar.com\/es\/centro-residencial\/","og_site_name":"RESID\u00c8NCIA JOVIAR - Centre lliure de contencions","article_publisher":"https:\/\/www.facebook.com\/residenciajoviar\/","article_modified_time":"2022-07-13T18:32:06+00:00","og_image":[{"width":1210,"height":1059,"url":"https:\/\/www.residenciajoviar.com\/wp-content\/uploads\/joviar-facebook-captura-1.png","type":"image\/png"}],"twitter_card":"summary_large_image","twitter_site":"@JoviarLleida","twitter_misc":{"Tiempo de lectura":"3 minutos"},"schema":{"@context":"https:\/\/schema.org","@graph":[{"@type":"WebPage","@id":"https:\/\/www.residenciajoviar.com\/es\/centro-residencial\/","url":"https:\/\/www.residenciajoviar.com\/es\/centro-residencial\/","name":"Centro Residencial - RESID\u00c8NCIA JOVIAR - Centre lliure de contencions","isPartOf":{"@id":"https:\/\/www.residenciajoviar.com\/#website"},"datePublished":"2016-06-26T15:41:18+00:00","dateModified":"2022-07-13T18:32:06+00:00","breadcrumb":{"@id":"https:\/\/www.residenciajoviar.com\/es\/centro-residencial\/#breadcrumb"},"inLanguage":"es","potentialAction":[{"@type":"ReadAction","target":["https:\/\/www.residenciajoviar.com\/es\/centro-residencial\/"]}]},{"@type":"BreadcrumbList","@id":"https:\/\/www.residenciajoviar.com\/es\/centro-residencial\/#breadcrumb","itemListElement":[{"@type":"ListItem","position":1,"name":"Inici","item":"https:\/\/www.residenciajoviar.com\/es\/"},{"@type":"ListItem","position":2,"name":"Centro Residencial"}]},{"@type":"WebSite","@id":"https:\/\/www.residenciajoviar.com\/#website","url":"https:\/\/www.residenciajoviar.com\/","name":"RESID\u00c8NCIA JOVIAR - Centre lliure de contencions","description":"Centre lliure de contencions","potentialAction":[{"@type":"SearchAction","target":{"@type":"EntryPoint","urlTemplate":"https:\/\/www.residenciajoviar.com\/?s={search_term_string}"},"query-input":{"@type":"PropertyValueSpecification","valueRequired":true,"valueName":"search_term_string"}}],"inLanguage":"es"}]}},"_links":{"self":[{"href":"https:\/\/www.residenciajoviar.com\/es\/wp-json\/wp\/v2\/pages\/472","targetHints":{"allow":["GET"]}}],"collection":[{"href":"https:\/\/www.residenciajoviar.com\/es\/wp-json\/wp\/v2\/pages"}],"about":[{"href":"https:\/\/www.residenciajoviar.com\/es\/wp-json\/wp\/v2\/types\/page"}],"author":[{"embeddable":true,"href":"https:\/\/www.residenciajoviar.com\/es\/wp-json\/wp\/v2\/users\/1"}],"replies":[{"embeddable":true,"href":"https:\/\/www.residenciajoviar.com\/es\/wp-json\/wp\/v2\/comments?post=472"}],"version-history":[{"count":0,"href":"https:\/\/www.residenciajoviar.com\/es\/wp-json\/wp\/v2\/pages\/472\/revisions"}],"wp:attachment":[{"href":"https:\/\/www.residenciajoviar.com\/es\/wp-json\/wp\/v2\/media?parent=472"}],"curies":[{"name":"wp","href":"https:\/\/api.w.org\/{rel}","templated":true}]}}